{"id":609,"date":"2021-09-07T17:02:54","date_gmt":"2021-09-07T15:02:54","guid":{"rendered":"http:\/\/b9yfmxx.myraidbox.de\/?page_id=609"},"modified":"2026-04-01T11:01:48","modified_gmt":"2026-04-01T09:01:48","slug":"commitees","status":"publish","type":"page","link":"https:\/\/hias-hamburg.de\/en\/about-us\/commitees\/","title":{"rendered":"Committees"},"content":{"rendered":"\n<div class=\"wp-block-group alignfull is-layout-flow wp-block-group-is-layout-flow\">\n    <div class=\"Module Module--small SmallBanner\">\n        \n    <picture\n                class=\"Picture Smallbanner__picture SmallBanner__picture--desktop Picture--hero\"\n    >\n                <source data-srcset=\"https:\/\/hias-hamburg.de\/wp-content\/uploads\/2025\/04\/2025_HIAS_Team_header-2880x1000.jpg\" media=\"(max-width: 700px)\" srcset=\"https:\/\/hias-hamburg.de\/wp-content\/uploads\/2025\/04\/2025_HIAS_Team_header-2880x1000.jpg\" \/>\n                <source data-srcset=\"https:\/\/hias-hamburg.de\/wp-content\/uploads\/2025\/04\/2025_HIAS_Team_header-2880x1000.jpg\" media=\"(max-width: 860px)\" srcset=\"https:\/\/hias-hamburg.de\/wp-content\/uploads\/2025\/04\/2025_HIAS_Team_header-2880x1000.jpg\" \/>\n                <img decoding=\"async\"\n            src=\"\"\n            data-srcset=\"https:\/\/hias-hamburg.de\/wp-content\/uploads\/2025\/04\/2025_HIAS_Team_header-1440x500.jpg 1x, https:\/\/hias-hamburg.de\/wp-content\/uploads\/2025\/04\/2025_HIAS_Team_header-2880x1000.jpg 2x\"\n            class=\"lazyload Picture__image\"\n            alt=\"\"\n            srcset=\"https:\/\/hias-hamburg.de\/wp-content\/uploads\/2025\/04\/2025_HIAS_Team_header-1440x500.jpg 1x, https:\/\/hias-hamburg.de\/wp-content\/uploads\/2025\/04\/2025_HIAS_Team_header-2880x1000.jpg 2x\"\n\n            title=\"2025_HIAS_Team_header\"\/>\n\n        <noscript>\n            <img decoding=\"async\" src=\"https:\/\/hias-hamburg.de\/wp-content\/uploads\/2025\/04\/2025_HIAS_Team_header-2880x1000.jpg\" alt=\"\" title=\"2025_HIAS_Team_header\"\/>\n        <\/noscript>\n    <\/picture>\n\n            \n    <picture\n                class=\"Picture Smallbanner__picture SmallBanner__picture--mobile Picture--hero\"\n    >\n                <source data-srcset=\"https:\/\/hias-hamburg.de\/wp-content\/uploads\/2025\/04\/2025_HIAS-Team_mobileheader-2880x1000.jpg\" media=\"(max-width: 700px)\" srcset=\"https:\/\/hias-hamburg.de\/wp-content\/uploads\/2025\/04\/2025_HIAS-Team_mobileheader-2880x1000.jpg\" \/>\n                <source data-srcset=\"https:\/\/hias-hamburg.de\/wp-content\/uploads\/2025\/04\/2025_HIAS-Team_mobileheader-2880x1000.jpg\" media=\"(max-width: 860px)\" srcset=\"https:\/\/hias-hamburg.de\/wp-content\/uploads\/2025\/04\/2025_HIAS-Team_mobileheader-2880x1000.jpg\" \/>\n                <img decoding=\"async\"\n            src=\"\"\n            data-srcset=\"https:\/\/hias-hamburg.de\/wp-content\/uploads\/2025\/04\/2025_HIAS-Team_mobileheader-1440x500.jpg 1x, https:\/\/hias-hamburg.de\/wp-content\/uploads\/2025\/04\/2025_HIAS-Team_mobileheader-2880x1000.jpg 2x\"\n            class=\"lazyload Picture__image\"\n            alt=\"\"\n            srcset=\"https:\/\/hias-hamburg.de\/wp-content\/uploads\/2025\/04\/2025_HIAS-Team_mobileheader-1440x500.jpg 1x, https:\/\/hias-hamburg.de\/wp-content\/uploads\/2025\/04\/2025_HIAS-Team_mobileheader-2880x1000.jpg 2x\"\n\n            title=\"2025_HIAS Team_mobileheader\"\/>\n\n        <noscript>\n            <img decoding=\"async\" src=\"https:\/\/hias-hamburg.de\/wp-content\/uploads\/2025\/04\/2025_HIAS-Team_mobileheader-2880x1000.jpg\" alt=\"\" title=\"2025_HIAS Team_mobileheader\"\/>\n        <\/noscript>\n    <\/picture>\n\n        <\/div>\n\n<\/div>\n\n\n\n<div class=\"wp-block-group alignwide Pattern-List is-layout-flow wp-block-group-is-layout-flow\">\n<h2 class=\"wp-block-heading has-medium-font-size\">Board of Members<\/h2>\n\n\n\n<hr class=\"wp-block-separator has-alpha-channel-opacity is-style-wide\"\/>\n\n\n\n<div class=\"wp-block-group no-padding TextList__item has-global-padding is-layout-constrained wp-container-core-group-is-layout-254f1302 wp-block-group-is-layout-constrained\" style=\"padding-top:0;padding-right:0;padding-bottom:0;padding-left:0\">\n<div class=\"wp-block-group is-content-justification-space-between is-nowrap is-layout-flex wp-container-core-group-is-layout-7fe5c16d wp-block-group-is-layout-flex\" style=\"padding-top:0.5rem;padding-right:var(--wp--preset--spacing--40);padding-bottom:0.5rem;padding-left:var(--wp--preset--spacing--40)\">\n<p class=\"has-black-color has-text-color\">Prof. Dr.-Ing. Andreas Timm-Giel (Chairman)<br>President of Hamburg University of Technology<\/p>\n<\/div>\n\n\n\n<hr class=\"wp-block-separator has-alpha-channel-opacity is-style-wide\"\/>\n<\/div>\n\n\n\n<div class=\"wp-block-group no-padding TextList__item has-global-padding is-layout-constrained wp-container-core-group-is-layout-254f1302 wp-block-group-is-layout-constrained\" style=\"padding-top:0;padding-right:0;padding-bottom:0;padding-left:0\">\n<div class=\"wp-block-group is-content-justification-space-between is-nowrap is-layout-flex wp-container-core-group-is-layout-7fe5c16d wp-block-group-is-layout-flex\" style=\"padding-top:0.5rem;padding-right:var(--wp--preset--spacing--40);padding-bottom:0.5rem;padding-left:var(--wp--preset--spacing--40)\">\n<p class=\"has-black-color has-text-color\">Univ.-Prof. Dr. Hauke Heekeren<br>President of the University of Hamburg<\/p>\n<\/div>\n<\/div>\n\n\n\n<div class=\"wp-block-group no-padding TextList__item has-global-padding is-layout-constrained wp-container-core-group-is-layout-254f1302 wp-block-group-is-layout-constrained\" style=\"padding-top:0;padding-right:0;padding-bottom:0;padding-left:0\">\n<div class=\"wp-block-group is-content-justification-space-between is-nowrap is-layout-flex wp-container-core-group-is-layout-7fe5c16d wp-block-group-is-layout-flex\" style=\"padding-top:0.5rem;padding-right:var(--wp--preset--spacing--40);padding-bottom:0.5rem;padding-left:var(--wp--preset--spacing--40)\">\n<p class=\"has-black-color has-text-color\">Prof. Martin K\u00f6ttering<br>President of Hochschule f\u00fcr bildende K\u00fcnste Hamburg<\/p>\n<\/div>\n\n\n\n<hr class=\"wp-block-separator has-alpha-channel-opacity is-style-wide\"\/>\n<\/div>\n\n\n\n<div class=\"wp-block-group no-padding TextList__item has-global-padding is-layout-constrained wp-container-core-group-is-layout-254f1302 wp-block-group-is-layout-constrained\" style=\"padding-top:0;padding-right:0;padding-bottom:0;padding-left:0\">\n<div class=\"wp-block-group is-content-justification-space-between is-nowrap is-layout-flex wp-container-core-group-is-layout-7fe5c16d wp-block-group-is-layout-flex\" style=\"padding-top:0.5rem;padding-right:var(--wp--preset--spacing--40);padding-bottom:0.5rem;padding-left:var(--wp--preset--spacing--40)\">\n<p class=\"has-black-color has-text-color\">Prof. Dr. Mojib Latif<br>President of the Academy of Sciences and Humanities in Hamburg<\/p>\n<\/div>\n\n\n\n<hr class=\"wp-block-separator has-alpha-channel-opacity is-style-wide\"\/>\n<\/div>\n\n\n\n<div class=\"wp-block-group no-padding TextList__item has-global-padding is-layout-constrained wp-container-core-group-is-layout-254f1302 wp-block-group-is-layout-constrained\" style=\"padding-top:0;padding-right:0;padding-bottom:0;padding-left:0\">\n<div class=\"wp-block-group is-content-justification-space-between is-nowrap is-layout-flex wp-container-core-group-is-layout-7fe5c16d wp-block-group-is-layout-flex\" style=\"padding-top:0.5rem;padding-right:var(--wp--preset--spacing--40);padding-bottom:0.5rem;padding-left:var(--wp--preset--spacing--40)\">\n<p class=\"has-black-color has-text-color\">Dr. Christian Suhm<br>Secretary-General HIAS<\/p>\n<\/div>\n\n\n\n<hr class=\"wp-block-separator has-alpha-channel-opacity is-style-wide\"\/>\n<\/div>\n<\/div>\n\n\n\n<div class=\"wp-block-group alignwide Pattern-Accordion Accordion Accordion--accordionList has-global-padding is-layout-constrained wp-block-group-is-layout-constrained\">\n<div class=\"wp-block-group alignwide Accordion__list is-layout-flow wp-block-group-is-layout-flow\">\n<h2 class=\"wp-block-heading has-medium-font-size\">Executive Committee<\/h2>\n\n\n\n<hr class=\"wp-block-separator has-alpha-channel-opacity is-style-wide\"\/>\n\n\n\n<div class=\"wp-block-group Accordion__item has-global-padding is-layout-constrained wp-block-group-is-layout-constrained\">\n<div class=\"wp-block-group is-content-justification-space-between is-nowrap is-layout-flex wp-container-core-group-is-layout-cb46ffcb wp-block-group-is-layout-flex\">\n<h3 class=\"wp-block-heading Accordion__title has-xlarge-font-size\">Prof. Dr. Iris Wenderholm (Chair)<\/h3>\n<\/div>\n\n\n\n<div class=\"wp-block-group Accordion__wrapper has-global-padding is-layout-constrained wp-block-group-is-layout-constrained\">\n<div class=\"wp-block-group Accordion__content has-global-padding is-layout-constrained wp-block-group-is-layout-constrained\">\n<p><a href=\"https:\/\/www.kulturwissenschaften.uni-hamburg.de\/ks\/mitarbeiter\/wenderholm.html\">Iris Wenderholm&nbsp;<\/a>is professor of European Art History of the Early Modern Period at the University of Hamburg\u2019s Department of Art History.<\/p>\n\n\n\n<p>As a result of stations at the Staatliche Museen zu Berlin, a research stay at the Kunsthistorisches Institut in Florence, and scientific collaborations in Frankfurt and Berlin, as well as the management of the DFG project&nbsp;<em>natura \u2013 materia \u2013 artificio<\/em>&nbsp;from 2013 to 2017, Iris Wenderholm developed a special focus that spans the field of early modern visual art, art theory, and nature. In addition to her involvement in teaching and research formats with international partners (Paris, \u00c9cole Pratique des Hautes \u00c9tudes \u2013 Sorbonne, Shanghai, Tongji University, Bloomington, Indiana University), Iris Wenderholm took on chairmanships and memberships ranging from the scientific advisory board of the Aby Warburg Foundation and the jury of the ARTEFACTA Festival D\u00fcsseldorf for \u201cDigital Media\u201d to the Association of German Art Historians.<\/p>\n\n\n\n<p>A particular interest in cooperations with cultural institutions in the Hamburg metropolitan region resulted in numerous exhibitions that were co-curated by Iris Wenderholm.<\/p>\n<\/div>\n<\/div>\n\n\n\n<hr class=\"wp-block-separator has-alpha-channel-opacity is-style-wide\"\/>\n<\/div>\n\n\n\n<div class=\"wp-block-group Accordion__item has-global-padding is-layout-constrained wp-block-group-is-layout-constrained\">\n<div class=\"wp-block-group is-content-justification-space-between is-nowrap is-layout-flex wp-container-core-group-is-layout-cb46ffcb wp-block-group-is-layout-flex\">\n<h3 class=\"wp-block-heading Accordion__title has-xlarge-font-size\">Prof. Dr. Lorraine Daston<\/h3>\n<\/div>\n\n\n\n<div class=\"wp-block-group Accordion__wrapper has-global-padding is-layout-constrained wp-block-group-is-layout-constrained\">\n<div class=\"wp-block-group Accordion__content has-global-padding is-layout-constrained wp-block-group-is-layout-constrained\">\n<p>Lorraine Daston has been a member of the Max Planck Institute for the History of Science since 1995 and served as its director until 2019. She is a regular visiting professor on the Committee on Social Thought at the University of Chicago and honorary professor of the History of Science at Humboldt-Universit\u00e4t zu Berlin. Lorraine Daston received her PhD in the history of science from Harvard University in 1979 and has taught at Harvard, Princeton, Brandeis, and G\u00f6ttingen University, among others.<\/p>\n<\/div>\n<\/div>\n\n\n\n<hr class=\"wp-block-separator has-alpha-channel-opacity is-style-wide\"\/>\n<\/div>\n\n\n\n<div class=\"wp-block-group Accordion__item has-global-padding is-layout-constrained wp-block-group-is-layout-constrained\">\n<div class=\"wp-block-group is-content-justification-space-between is-nowrap is-layout-flex wp-container-core-group-is-layout-cb46ffcb wp-block-group-is-layout-flex\">\n<h3 class=\"wp-block-heading Accordion__title has-xlarge-font-size\">Prof. Dr. &nbsp;Marcelo Knobel<\/h3>\n<\/div>\n\n\n\n<div class=\"wp-block-group Accordion__wrapper has-global-padding is-layout-constrained wp-block-group-is-layout-constrained\">\n<div class=\"wp-block-group Accordion__content has-global-padding is-layout-constrained wp-block-group-is-layout-constrained\">\n<p>Marcelo Knobel was the 12th Rector of the University of Campinas (Unicamp), in Brazil, where he is a Full Professor of Physics. He held other leadership roles, including: Executive Director of the Unicamp Exploratory Science Museum, Vice-Rector for Undergraduate Programs, Vice-President of the Brazilian Physics Society and Executive Director of the Brazilian Nanotechnology National Laboratory (LNNano). Knobel is the editor-in-chief of the Journal of Magnetism and Magnetic Materials (Elsevier). Knobel is an Eisenhower Fellow (2007), Fellow of the John Simon Guggenheim Memorial Foundation (2009) and Lemann Fellow (2015). He is Member (elect) of the Governing Council of the Magna Charta Observatory.<\/p>\n<\/div>\n<\/div>\n\n\n\n<hr class=\"wp-block-separator has-alpha-channel-opacity is-style-wide\"\/>\n<\/div>\n\n\n\n<div class=\"wp-block-group Accordion__item has-global-padding is-layout-constrained wp-block-group-is-layout-constrained\">\n<div class=\"wp-block-group is-content-justification-space-between is-nowrap is-layout-flex wp-container-core-group-is-layout-cb46ffcb wp-block-group-is-layout-flex\">\n<h3 class=\"wp-block-heading Accordion__title has-xlarge-font-size\">Prof. Dr. Thomas Risse<\/h3>\n<\/div>\n\n\n\n<div class=\"wp-block-group Accordion__wrapper has-global-padding is-layout-constrained wp-block-group-is-layout-constrained\">\n<div class=\"wp-block-group Accordion__content has-global-padding is-layout-constrained wp-block-group-is-layout-constrained\">\n<p>Thomas Risse is Senior Professor at the Cluster of Excellence &#8220;Contestations of the Liberal Script (SCRIPTS). Until early 2022, he was Professor of International Politics and Director of the Center for Transnational Relations, Foreign and Security Policy at the Otto Suhr Institute for Political Science at Freie Universit\u00e4t Berlin. From 1997 to 2001, he was Professor of International Relations at the Robert Schuman Centre for Advanced Studies and the Department of Social and Political Sciences at the European University Institute in Florence (Italy). Earlier teaching and research activities included the University of Konstanz (Germany) and the Universities of Cornell, Harvard, Yale and Stanford, the University of Wyoming (USA) and the Hebrew University in Jerusalem. In 2003, he received the Max Planck Research Award for International Cooperation. In 2021, he was awarded the Juan Linz Prize of the International Political Science Association.<\/p>\n<\/div>\n<\/div>\n\n\n\n<hr class=\"wp-block-separator has-alpha-channel-opacity is-style-wide\"\/>\n<\/div>\n<\/div>\n<\/div>\n\n\n\n<div class=\"wp-block-group alignwide Pattern-List is-layout-flow wp-block-group-is-layout-flow\">\n<h2 class=\"wp-block-heading has-medium-font-size\">Advisory Council<\/h2>\n\n\n\n<hr class=\"wp-block-separator has-alpha-channel-opacity is-style-wide\"\/>\n\n\n\n<div class=\"wp-block-group no-padding TextList__item has-global-padding is-layout-constrained wp-container-core-group-is-layout-254f1302 wp-block-group-is-layout-constrained\" style=\"padding-top:0;padding-right:0;padding-bottom:0;padding-left:0\">\n<div class=\"wp-block-group is-content-justification-space-between is-nowrap is-layout-flex wp-container-core-group-is-layout-7fe5c16d wp-block-group-is-layout-flex\" style=\"padding-top:0.5rem;padding-right:var(--wp--preset--spacing--40);padding-bottom:0.5rem;padding-left:var(--wp--preset--spacing--40)\">\n<p>Prof. Dr. Frank Allg\u00f6wer, University of Stuttgart<br><em>Engineering<\/em><\/p>\n<\/div>\n\n\n\n<hr class=\"wp-block-separator has-alpha-channel-opacity is-style-wide\"\/>\n<\/div>\n\n\n\n<div class=\"wp-block-group no-padding TextList__item has-global-padding is-layout-constrained wp-container-core-group-is-layout-254f1302 wp-block-group-is-layout-constrained\" style=\"padding-top:0;padding-right:0;padding-bottom:0;padding-left:0\">\n<div class=\"wp-block-group is-content-justification-space-between is-nowrap is-layout-flex wp-container-core-group-is-layout-7fe5c16d wp-block-group-is-layout-flex\" style=\"padding-top:0.5rem;padding-right:var(--wp--preset--spacing--40);padding-bottom:0.5rem;padding-left:var(--wp--preset--spacing--40)\">\n<p class=\"has-black-color has-text-color\">Prof. Dr. Dr. h.c. mult. Susanne Baer, LL.M., Humboldt-Universit\u00e4t zu Berlin <em>Public Law and Gender Studies     <\/em>                                             <\/p>\n\n\n\n<p class=\"has-black-color has-text-color\"><\/p>\n\n\n\n<p class=\"has-black-color has-text-color\"><\/p>\n<\/div>\n\n\n\n<hr class=\"wp-block-separator has-alpha-channel-opacity is-style-wide\"\/>\n<\/div>\n\n\n\n<div class=\"wp-block-group no-padding TextList__item has-global-padding is-layout-constrained wp-container-core-group-is-layout-254f1302 wp-block-group-is-layout-constrained\" style=\"padding-top:0;padding-right:0;padding-bottom:0;padding-left:0\">\n<div class=\"wp-block-group is-content-justification-space-between is-nowrap is-layout-flex wp-container-core-group-is-layout-7fe5c16d wp-block-group-is-layout-flex\" style=\"padding-top:0.5rem;padding-right:var(--wp--preset--spacing--40);padding-bottom:0.5rem;padding-left:var(--wp--preset--spacing--40)\">\n<p class=\"has-black-color has-text-color\">Prof. Dr. Elisabeth Bronfen, University of Zurich \/ New York University<br><em>Language\/Literature<\/em><\/p>\n<\/div>\n\n\n\n<hr class=\"wp-block-separator has-alpha-channel-opacity is-style-wide\"\/>\n<\/div>\n\n\n\n<div class=\"wp-block-group no-padding TextList__item has-global-padding is-layout-constrained wp-container-core-group-is-layout-254f1302 wp-block-group-is-layout-constrained\" style=\"padding-top:0;padding-right:0;padding-bottom:0;padding-left:0\">\n<div class=\"wp-block-group is-content-justification-space-between is-nowrap is-layout-flex wp-container-core-group-is-layout-7fe5c16d wp-block-group-is-layout-flex\" style=\"padding-top:0.5rem;padding-right:var(--wp--preset--spacing--40);padding-bottom:0.5rem;padding-left:var(--wp--preset--spacing--40)\">\n<p class=\"has-black-color has-text-color\">Prof. Dr. Thomas Christensen, University of Chicago<br><em>Music and Musicology<\/em><\/p>\n<\/div>\n\n\n\n<hr class=\"wp-block-separator has-alpha-channel-opacity is-style-wide\"\/>\n<\/div>\n\n\n\n<div class=\"wp-block-group no-padding TextList__item has-global-padding is-layout-constrained wp-container-core-group-is-layout-254f1302 wp-block-group-is-layout-constrained\" style=\"padding-top:0;padding-right:0;padding-bottom:0;padding-left:0\">\n<div class=\"wp-block-group is-content-justification-space-between is-nowrap is-layout-flex wp-container-core-group-is-layout-7fe5c16d wp-block-group-is-layout-flex\" style=\"padding-top:0.5rem;padding-right:var(--wp--preset--spacing--40);padding-bottom:0.5rem;padding-left:var(--wp--preset--spacing--40)\">\n<p class=\"has-black-color has-text-color\">Prof. Dr. Lisa Maria Herzog, Rijksuniversiteit Groningen<br><em>Political Philosophy<\/em><\/p>\n<\/div>\n\n\n\n<hr class=\"wp-block-separator has-alpha-channel-opacity is-style-wide\"\/>\n<\/div>\n\n\n\n<div class=\"wp-block-group no-padding TextList__item has-global-padding is-layout-constrained wp-container-core-group-is-layout-254f1302 wp-block-group-is-layout-constrained\" style=\"padding-top:0;padding-right:0;padding-bottom:0;padding-left:0\">\n<div class=\"wp-block-group is-content-justification-space-between is-nowrap is-layout-flex wp-container-core-group-is-layout-7fe5c16d wp-block-group-is-layout-flex\" style=\"padding-top:0.5rem;padding-right:var(--wp--preset--spacing--40);padding-bottom:0.5rem;padding-left:var(--wp--preset--spacing--40)\">\n<p class=\"has-black-color has-text-color\">Prof. Dr. Alexander Klar, Director of the Hamburger Kunsthalle<br><em>(as spokesman of a committee consisting of the heads of various Hamburg art and cultural institutions)<\/em><\/p>\n<\/div>\n\n\n\n<hr class=\"wp-block-separator has-alpha-channel-opacity is-style-wide\"\/>\n<\/div>\n\n\n\n<div class=\"wp-block-group no-padding TextList__item has-global-padding is-layout-constrained wp-container-core-group-is-layout-254f1302 wp-block-group-is-layout-constrained\" style=\"padding-top:0;padding-right:0;padding-bottom:0;padding-left:0\">\n<div class=\"wp-block-group is-content-justification-space-between is-nowrap is-layout-flex wp-container-core-group-is-layout-7fe5c16d wp-block-group-is-layout-flex\" style=\"padding-top:0.5rem;padding-right:var(--wp--preset--spacing--40);padding-bottom:0.5rem;padding-left:var(--wp--preset--spacing--40)\">\n<p class=\"has-black-color has-text-color\">Dr. Wilhelm Krull<br><em>Expert for Research Policy and Institutes for Advanced Study<\/em><\/p>\n<\/div>\n\n\n\n<hr class=\"wp-block-separator has-alpha-channel-opacity is-style-wide\"\/>\n<\/div>\n\n\n\n<div class=\"wp-block-group no-padding TextList__item has-global-padding is-layout-constrained wp-container-core-group-is-layout-254f1302 wp-block-group-is-layout-constrained\" style=\"padding-top:0;padding-right:0;padding-bottom:0;padding-left:0\">\n<div class=\"wp-block-group is-content-justification-space-between is-nowrap is-layout-flex wp-container-core-group-is-layout-7fe5c16d wp-block-group-is-layout-flex\" style=\"padding-top:0.5rem;padding-right:var(--wp--preset--spacing--40);padding-bottom:0.5rem;padding-left:var(--wp--preset--spacing--40)\">\n<p class=\"has-black-color has-text-color\">Prof. Dr. Dr. h.c. Dr. h.c Angelika Nu\u00dfberger, University of Cologne<br><em>Constitutional law, international law and comparative law<\/em><\/p>\n<\/div>\n\n\n\n<hr class=\"wp-block-separator has-alpha-channel-opacity is-style-wide\"\/>\n<\/div>\n\n\n\n<div class=\"wp-block-group no-padding TextList__item has-global-padding is-layout-constrained wp-container-core-group-is-layout-254f1302 wp-block-group-is-layout-constrained\" style=\"padding-top:0;padding-right:0;padding-bottom:0;padding-left:0\">\n<div class=\"wp-block-group is-content-justification-space-between is-nowrap is-layout-flex wp-container-core-group-is-layout-7fe5c16d wp-block-group-is-layout-flex\" style=\"padding-top:0.5rem;padding-right:var(--wp--preset--spacing--40);padding-bottom:0.5rem;padding-left:var(--wp--preset--spacing--40)\">\n<p class=\"has-black-color has-text-color\">Prof. Dr. Peter Scholze, University of Bonn<br><em>Mathematics<\/em><\/p>\n<\/div>\n\n\n\n<hr class=\"wp-block-separator has-alpha-channel-opacity is-style-wide\"\/>\n<\/div>\n\n\n\n<div class=\"wp-block-group no-padding TextList__item has-global-padding is-layout-constrained wp-container-core-group-is-layout-254f1302 wp-block-group-is-layout-constrained\" style=\"padding-top:0;padding-right:0;padding-bottom:0;padding-left:0\">\n<div class=\"wp-block-group is-content-justification-space-between is-nowrap is-layout-flex wp-container-core-group-is-layout-7fe5c16d wp-block-group-is-layout-flex\" style=\"padding-top:0.5rem;padding-right:var(--wp--preset--spacing--40);padding-bottom:0.5rem;padding-left:var(--wp--preset--spacing--40)\">\n<p class=\"has-black-color has-text-color\">Prof. Dr. Rudolf Stichweh, University of Bonn<br><em>Social Sciences<\/em><\/p>\n<\/div>\n\n\n\n<hr class=\"wp-block-separator has-alpha-channel-opacity is-style-wide\"\/>\n<\/div>\n<\/div>\n\n\n\n<div class=\"wp-block-group alignwide Pattern-List is-layout-flow wp-block-group-is-layout-flow\">\n<h2 class=\"wp-block-heading has-medium-font-size\">Administrative Office<\/h2>\n\n\n\n<hr class=\"wp-block-separator has-alpha-channel-opacity is-style-wide\"\/>\n\n\n\n<div class=\"wp-block-group no-padding TextList__item has-global-padding is-layout-constrained wp-container-core-group-is-layout-254f1302 wp-block-group-is-layout-constrained\" style=\"padding-top:0;padding-right:0;padding-bottom:0;padding-left:0\">\n<div class=\"wp-block-group is-content-justification-space-between is-nowrap is-layout-flex wp-container-core-group-is-layout-7fe5c16d wp-block-group-is-layout-flex\" style=\"padding-top:0.5rem;padding-right:var(--wp--preset--spacing--40);padding-bottom:0.5rem;padding-left:var(--wp--preset--spacing--40)\">\n<p>Dr. Christian Suhm<br>Secretary-General<br>christian.suhm@hias-hamburg.de<br>phone: +49 49 40 80 819 \u2013 2557<\/p>\n<\/div>\n\n\n\n<hr class=\"wp-block-separator has-alpha-channel-opacity is-style-wide\"\/>\n<\/div>\n\n\n\n<div class=\"wp-block-group no-padding TextList__item has-global-padding is-layout-constrained wp-container-core-group-is-layout-254f1302 wp-block-group-is-layout-constrained\" style=\"padding-top:0;padding-right:0;padding-bottom:0;padding-left:0\">\n<div class=\"wp-block-group is-content-justification-space-between is-nowrap is-layout-flex wp-container-core-group-is-layout-7fe5c16d wp-block-group-is-layout-flex\" style=\"padding-top:0.5rem;padding-right:var(--wp--preset--spacing--40);padding-bottom:0.5rem;padding-left:var(--wp--preset--spacing--40)\">\n<p>Sonja Gr\u00e4ber-Magocsi, PhD<br>Deputy Secretary-General<br>Fellow Management<br>Alumnae &amp; Alumni<br>Board of Members<br>sonja.graeber-magocsi@hias-hamburg.de<br>phone: +49 40 80 819 \u2013 2551<\/p>\n<\/div>\n\n\n\n<hr class=\"wp-block-separator has-alpha-channel-opacity is-style-wide\"\/>\n<\/div>\n\n\n\n<div class=\"wp-block-group no-padding TextList__item has-global-padding is-layout-constrained wp-container-core-group-is-layout-254f1302 wp-block-group-is-layout-constrained\" style=\"padding-top:0;padding-right:0;padding-bottom:0;padding-left:0\">\n<div class=\"wp-block-group is-content-justification-space-between is-nowrap is-layout-flex wp-container-core-group-is-layout-7fe5c16d wp-block-group-is-layout-flex\" style=\"padding-top:0.5rem;padding-right:var(--wp--preset--spacing--40);padding-bottom:0.5rem;padding-left:var(--wp--preset--spacing--40)\">\n<p>Dr. Astrid Bothmann-Lucko<br>Fellow Management<br>Partnerships&nbsp;with Foundations<br>General Meeting of Members<br>astrid.bothmann-lucko@hias-hamburg.de<br>phone: +49 40 80 819 \u2013 2552<\/p>\n<\/div>\n\n\n\n<hr class=\"wp-block-separator has-alpha-channel-opacity is-style-wide\"\/>\n<\/div>\n\n\n\n<div class=\"wp-block-group no-padding TextList__item has-global-padding is-layout-constrained wp-container-core-group-is-layout-254f1302 wp-block-group-is-layout-constrained\" style=\"padding-top:0;padding-right:0;padding-bottom:0;padding-left:0\">\n<div class=\"wp-block-group is-content-justification-space-between is-nowrap is-layout-flex wp-container-core-group-is-layout-7fe5c16d wp-block-group-is-layout-flex\" style=\"padding-top:0.5rem;padding-right:var(--wp--preset--spacing--40);padding-bottom:0.5rem;padding-left:var(--wp--preset--spacing--40)\">\n<p>Lukas Cramer<br>Administrative and Accounting Assistance<br>lukas.cramer@hias-hamburg.de<br>Tel: +49 40 80 819\u20132556<\/p>\n<\/div>\n\n\n\n<hr class=\"wp-block-separator has-alpha-channel-opacity is-style-wide\"\/>\n<\/div>\n\n\n\n<div class=\"wp-block-group no-padding TextList__item has-global-padding is-layout-constrained wp-container-core-group-is-layout-254f1302 wp-block-group-is-layout-constrained\" style=\"padding-top:0;padding-right:0;padding-bottom:0;padding-left:0\">\n<div class=\"wp-block-group is-content-justification-space-between is-nowrap is-layout-flex wp-container-core-group-is-layout-7fe5c16d wp-block-group-is-layout-flex\" style=\"padding-top:0.5rem;padding-right:var(--wp--preset--spacing--40);padding-bottom:0.5rem;padding-left:var(--wp--preset--spacing--40)\">\n<p>Dr. Ulrike Dorfm\u00fcller<br>International Networks <br>Fellow Management Global South<br>Events<br>ulrike.dorfmueller@hias-hamburg.de<br>phone: +49 151 670 35 222<\/p>\n<\/div>\n\n\n\n<hr class=\"wp-block-separator has-alpha-channel-opacity is-style-wide\"\/>\n<\/div>\n\n\n\n<div class=\"wp-block-group no-padding TextList__item has-global-padding is-layout-constrained wp-container-core-group-is-layout-254f1302 wp-block-group-is-layout-constrained\" style=\"padding-top:0;padding-right:0;padding-bottom:0;padding-left:0\">\n<div class=\"wp-block-group is-content-justification-space-between is-nowrap is-layout-flex wp-container-core-group-is-layout-7fe5c16d wp-block-group-is-layout-flex\" style=\"padding-top:0.5rem;padding-right:var(--wp--preset--spacing--40);padding-bottom:0.5rem;padding-left:var(--wp--preset--spacing--40)\">\n<p>Elena Friedrich<br>Digital Content<br>Events<br>elena.friedrich@hias-hamburg.de<\/p>\n<\/div>\n\n\n\n<hr class=\"wp-block-separator has-alpha-channel-opacity is-style-wide\"\/>\n<\/div>\n\n\n\n<div class=\"wp-block-group no-padding TextList__item has-global-padding is-layout-constrained wp-container-core-group-is-layout-254f1302 wp-block-group-is-layout-constrained\" style=\"padding-top:0;padding-right:0;padding-bottom:0;padding-left:0\">\n<div class=\"wp-block-group is-content-justification-space-between is-nowrap is-layout-flex wp-container-core-group-is-layout-7fe5c16d wp-block-group-is-layout-flex\" style=\"padding-top:0.5rem;padding-right:var(--wp--preset--spacing--40);padding-bottom:0.5rem;padding-left:var(--wp--preset--spacing--40)\">\n<p>Svenja Garrelts<br>Administration<br>svenja.garrelts@hias-hamburg.de<\/p>\n<\/div>\n\n\n\n<hr class=\"wp-block-separator has-alpha-channel-opacity is-style-wide\"\/>\n<\/div>\n\n\n\n<div class=\"wp-block-group no-padding TextList__item has-global-padding is-layout-constrained wp-container-core-group-is-layout-254f1302 wp-block-group-is-layout-constrained\" style=\"padding-top:0;padding-right:0;padding-bottom:0;padding-left:0\">\n<div class=\"wp-block-group is-content-justification-space-between is-nowrap is-layout-flex wp-container-core-group-is-layout-7fe5c16d wp-block-group-is-layout-flex\" style=\"padding-top:0.5rem;padding-right:var(--wp--preset--spacing--40);padding-bottom:0.5rem;padding-left:var(--wp--preset--spacing--40)\">\n<p>Dr. Kristina Hahn<br>Fellow Management<br>National Networks<br>Executive Committee<br>Financial&nbsp;Management<br>kristina.hahn@hias-hamburg.de<br>Tel.: +49 40 80 819 \u2013 2554<\/p>\n<\/div>\n\n\n\n<hr class=\"wp-block-separator has-alpha-channel-opacity is-style-wide\"\/>\n<\/div>\n\n\n\n<div class=\"wp-block-group no-padding TextList__item has-global-padding is-layout-constrained wp-container-core-group-is-layout-254f1302 wp-block-group-is-layout-constrained\" style=\"padding-top:0;padding-right:0;padding-bottom:0;padding-left:0\">\n<div class=\"wp-block-group is-content-justification-space-between is-nowrap is-layout-flex wp-container-core-group-is-layout-7fe5c16d wp-block-group-is-layout-flex\" style=\"padding-top:0.5rem;padding-right:var(--wp--preset--spacing--40);padding-bottom:0.5rem;padding-left:var(--wp--preset--spacing--40)\">\n<p>Tanja Kruse Brand\u00e3o<br>Public Relations <br>Events<br>Property&nbsp;Matters<br>tanja.kruse.brandao@hias-hamburg.de<br>phone: +49 40 80 819 \u2013 2555<\/p>\n<\/div>\n\n\n\n<hr class=\"wp-block-separator has-alpha-channel-opacity is-style-wide\"\/>\n<\/div>\n\n\n\n<div class=\"wp-block-group no-padding TextList__item has-global-padding is-layout-constrained wp-container-core-group-is-layout-254f1302 wp-block-group-is-layout-constrained\" style=\"padding-top:0;padding-right:0;padding-bottom:0;padding-left:0\">\n<div class=\"wp-block-group is-content-justification-space-between is-nowrap is-layout-flex wp-container-core-group-is-layout-7fe5c16d wp-block-group-is-layout-flex\" style=\"padding-top:0.5rem;padding-right:var(--wp--preset--spacing--40);padding-bottom:0.5rem;padding-left:var(--wp--preset--spacing--40)\">\n<p>Lola Mense<br>Fellow Management<br>Arts and Research<br>Advisory Board<br>lola.mense@hias-hamburg.de<br>phone: +49 40 80 819 \u2013 2553<\/p>\n<\/div>\n\n\n\n<hr class=\"wp-block-separator has-alpha-channel-opacity is-style-wide\"\/>\n<\/div>\n\n\n\n<div class=\"wp-block-group no-padding TextList__item has-global-padding is-layout-constrained wp-container-core-group-is-layout-254f1302 wp-block-group-is-layout-constrained\" style=\"padding-top:0;padding-right:0;padding-bottom:0;padding-left:0\">\n<div class=\"wp-block-group is-content-justification-space-between is-nowrap is-layout-flex wp-container-core-group-is-layout-7fe5c16d wp-block-group-is-layout-flex\" style=\"padding-top:0.5rem;padding-right:var(--wp--preset--spacing--40);padding-bottom:0.5rem;padding-left:var(--wp--preset--spacing--40)\">\n<p>Heiko Six<br>Facility Management<\/p>\n<\/div>\n\n\n\n<hr class=\"wp-block-separator has-alpha-channel-opacity is-style-wide\"\/>\n<\/div>\n<\/div>\n","protected":false},"excerpt":{"rendered":"<p>Board of Members Prof. Dr.-Ing. Andreas Timm-Giel (Chairman)President of Hamburg University of Technology Univ.-Prof. Dr.\u2026<\/p>\n","protected":false},"author":1,"featured_media":0,"parent":586,"menu_order":40,"comment_status":"closed","ping_status":"closed","template":"","meta":{"_acf_changed":false,"footnotes":""},"class_list":["post-609","page","type-page","status-publish","hentry"],"acf":[],"_links":{"self":[{"href":"https:\/\/hias-hamburg.de\/en\/wp-json\/wp\/v2\/pages\/609","targetHints":{"allow":["GET"]}}],"collection":[{"href":"https:\/\/hias-hamburg.de\/en\/wp-json\/wp\/v2\/pages"}],"about":[{"href":"https:\/\/hias-hamburg.de\/en\/wp-json\/wp\/v2\/types\/page"}],"author":[{"embeddable":true,"href":"https:\/\/hias-hamburg.de\/en\/wp-json\/wp\/v2\/users\/1"}],"replies":[{"embeddable":true,"href":"https:\/\/hias-hamburg.de\/en\/wp-json\/wp\/v2\/comments?post=609"}],"version-history":[{"count":12,"href":"https:\/\/hias-hamburg.de\/en\/wp-json\/wp\/v2\/pages\/609\/revisions"}],"predecessor-version":[{"id":11344,"href":"https:\/\/hias-hamburg.de\/en\/wp-json\/wp\/v2\/pages\/609\/revisions\/11344"}],"up":[{"embeddable":true,"href":"https:\/\/hias-hamburg.de\/en\/wp-json\/wp\/v2\/pages\/586"}],"wp:attachment":[{"href":"https:\/\/hias-hamburg.de\/en\/wp-json\/wp\/v2\/media?parent=609"}],"curies":[{"name":"wp","href":"https:\/\/api.w.org\/{rel}","templated":true}]}}